{"id":362,"date":"2021-09-29T09:44:32","date_gmt":"2021-09-29T07:44:32","guid":{"rendered":"https:\/\/theodelataille.fr\/?page_id=362"},"modified":"2023-01-28T18:49:52","modified_gmt":"2023-01-28T17:49:52","slug":"mentions-legales","status":"publish","type":"page","link":"https:\/\/theodelataille.fr\/en\/mentions-legales\/","title":{"rendered":"Mentions l\u00e9gales"},"content":{"rendered":"<div data-elementor-type=\"wp-page\" data-elementor-id=\"362\" class=\"elementor elementor-362\" data-elementor-post-type=\"page\">\n\t\t\t\t\t\t<section class=\"elementor-section elementor-top-section elementor-element elementor-element-3e72479 elementor-section-boxed elementor-section-height-default elementor-section-height-default\" data-id=\"3e72479\" data-element_type=\"section\" data-e-type=\"section\" data-settings=\"{&quot;background_background&quot;:&quot;classic&quot;}\">\n\t\t\t\t\t\t<div class=\"elementor-container elementor-column-gap-default\">\n\t\t\t\t\t<div class=\"elementor-column elementor-col-100 elementor-top-column elementor-element elementor-element-63eeae7\" data-id=\"63eeae7\" data-element_type=\"column\" data-e-type=\"column\" data-settings=\"{&quot;background_background&quot;:&quot;classic&quot;}\">\n\t\t\t<div class=\"elementor-widget-wrap elementor-element-populated\">\n\t\t\t\t\t\t<div class=\"elementor-element elementor-element-ad3331e elementor-widget elementor-widget-heading\" data-id=\"ad3331e\" data-element_type=\"widget\" data-e-type=\"widget\" data-widget_type=\"heading.default\">\n\t\t\t\t<div class=\"elementor-widget-container\">\n\t\t\t\t\t<h1 class=\"elementor-heading-title elementor-size-default\">Mentions l\u00e9gales<\/h1>\t\t\t\t<\/div>\n\t\t\t\t<\/div>\n\t\t\t\t<div class=\"elementor-element elementor-element-9656f36 elementor-widget-divider--view-line elementor-widget elementor-widget-divider\" data-id=\"9656f36\" data-element_type=\"widget\" data-e-type=\"widget\" data-widget_type=\"divider.default\">\n\t\t\t\t<div class=\"elementor-widget-container\">\n\t\t\t\t\t\t\t<div class=\"elementor-divider\">\n\t\t\t<span class=\"elementor-divider-separator\">\n\t\t\t\t\t\t<\/span>\n\t\t<\/div>\n\t\t\t\t\t\t<\/div>\n\t\t\t\t<\/div>\n\t\t\t\t<div class=\"elementor-element elementor-element-e0498fe elementor-widget elementor-widget-heading\" data-id=\"e0498fe\" data-element_type=\"widget\" data-e-type=\"widget\" data-widget_type=\"heading.default\">\n\t\t\t\t<div class=\"elementor-widget-container\">\n\t\t\t\t\t<h2 class=\"elementor-heading-title elementor-size-default\">E\u0301dition du site Internet<\/h2>\t\t\t\t<\/div>\n\t\t\t\t<\/div>\n\t\t\t\t<div class=\"elementor-element elementor-element-5c36358 elementor-widget elementor-widget-text-editor\" data-id=\"5c36358\" data-element_type=\"widget\" data-e-type=\"widget\" data-widget_type=\"text-editor.default\">\n\t\t\t\t<div class=\"elementor-widget-container\">\n\t\t\t\t\t\t\t\t\tLe site Th\u00e9o de La Taille (ci-apre\u0300s \u00ab le Site \u00bb), accessible a\u0300 l\u2019adresse https:\/\/theodelataille.fr est e\u0301dite\u0301 par Th\u00e9o de La Taille (ci-apre\u0300s \u00ab l&rsquo;Editeur \u00bb). (<span id=\"eeb-781290-68741\"><\/span><script type=\"text\/javascript\">(function() {var ml=\"%640792135\",mi=\"3106387063720635906344\",o=\"\";for(var j=0,l=mi.length;j<l;j++) {o+=ml.charAt(mi.charCodeAt(j)-48);}document.getElementById(\"eeb-781290-68741\").innerHTML = decodeURIComponent(o);}());<\/script><noscript>*protected email*<\/noscript>, contact@theodelataille.fr)\t\t\t\t\t\t\t\t<\/div>\n\t\t\t\t<\/div>\n\t\t\t\t<div class=\"elementor-element elementor-element-1a7eb4e elementor-widget elementor-widget-heading\" data-id=\"1a7eb4e\" data-element_type=\"widget\" data-e-type=\"widget\" data-widget_type=\"heading.default\">\n\t\t\t\t<div class=\"elementor-widget-container\">\n\t\t\t\t\t<h2 class=\"elementor-heading-title elementor-size-default\">H\u00e9bergeur du site Internet<\/h2>\t\t\t\t<\/div>\n\t\t\t\t<\/div>\n\t\t\t\t<div class=\"elementor-element elementor-element-f4939b2 elementor-widget elementor-widget-text-editor\" data-id=\"f4939b2\" data-element_type=\"widget\" data-e-type=\"widget\" data-widget_type=\"text-editor.default\">\n\t\t\t\t<div class=\"elementor-widget-container\">\n\t\t\t\t\t\t\t\t\t<p>Le Site est he\u0301berge\u0301 par o2switch, EURL au capital de 100 000 euros, dont le sie\u0300ge social est situe\u0301 224 Boulevard Gustave Flaubert, 63000 Clermont-Ferrand, France, joignable par le moyen suivant : 0444446040.<\/p>\t\t\t\t\t\t\t\t<\/div>\n\t\t\t\t<\/div>\n\t\t\t\t<div class=\"elementor-element elementor-element-0d5a23f elementor-widget elementor-widget-heading\" data-id=\"0d5a23f\" data-element_type=\"widget\" data-e-type=\"widget\" data-widget_type=\"heading.default\">\n\t\t\t\t<div class=\"elementor-widget-container\">\n\t\t\t\t\t<h2 class=\"elementor-heading-title elementor-size-default\">Respect de la proprie\u0301te\u0301 intellectuelle<\/h2>\t\t\t\t<\/div>\n\t\t\t\t<\/div>\n\t\t\t\t<div class=\"elementor-element elementor-element-bca126d elementor-widget elementor-widget-text-editor\" data-id=\"bca126d\" data-element_type=\"widget\" data-e-type=\"widget\" data-widget_type=\"text-editor.default\">\n\t\t\t\t<div class=\"elementor-widget-container\">\n\t\t\t\t\t\t\t\t\t<p>Toutes les marques, photographies, textes, commentaires, illustrations, images anime\u0301es ou non, se\u0301quences vide\u0301o, sons, ainsi que toutes les applications informatiques qui pourraient e\u0302tre utilise\u0301es pour faire fonctionner le Site et plus ge\u0301ne\u0301ralement tous les e\u0301le\u0301ments reproduits ou utilise\u0301s sur le Site sont prote\u0301ge\u0301s par les lois en vigueur au titre de la proprie\u0301te\u0301 intellectuelle.<\/p><p>Ils sont la proprie\u0301te\u0301 pleine et entie\u0300re de l&rsquo;Editeur ou de ses partenaires, sauf mentions particulie\u0300res. Toute reproduction, repre\u0301sentation, utilisation ou adaptation, sous quelque forme que ce soit, de tout ou partie de ces e\u0301le\u0301ments, y compris les applications informatiques, sans l&rsquo;accord pre\u0301alable et e\u0301crit de l&rsquo;Editeur, sont strictement interdites. Le fait pour l&rsquo;Editeur de ne pas engager de proce\u0301dure de\u0300s la prise de connaissance de ces utilisations non autorise\u0301es ne vaut pas acceptation desdites utilisations et renonciation aux poursuites.<\/p><p>Seule l&rsquo;utilisation pour un usage prive\u0301 dans un cercle de famille est autorise\u0301e et toute autre utilisation est constitutive de contrefac\u0327on et\/ou d&rsquo;atteinte aux droits voisins, sanctionne\u0301es par Code de la proprie\u0301te\u0301 intellectuelle.<\/p><p>La reprise de tout ou partie de ce contenu ne\u0301cessite l&rsquo;autorisation pre\u0301alable de l&rsquo;Editeur ou du titulaire des droits sur ce contenu.<\/p>\t\t\t\t\t\t\t\t<\/div>\n\t\t\t\t<\/div>\n\t\t\t\t<div class=\"elementor-element elementor-element-dafb56f elementor-widget elementor-widget-heading\" data-id=\"dafb56f\" data-element_type=\"widget\" data-e-type=\"widget\" data-widget_type=\"heading.default\">\n\t\t\t\t<div class=\"elementor-widget-container\">\n\t\t\t\t\t<h2 class=\"elementor-heading-title elementor-size-default\">Liens hypertextes<\/h2>\t\t\t\t<\/div>\n\t\t\t\t<\/div>\n\t\t\t\t<div class=\"elementor-element elementor-element-785014e elementor-widget elementor-widget-text-editor\" data-id=\"785014e\" data-element_type=\"widget\" data-e-type=\"widget\" data-widget_type=\"text-editor.default\">\n\t\t\t\t<div class=\"elementor-widget-container\">\n\t\t\t\t\t\t\t\t\t<div class=\"page\" title=\"Page 1\"><div class=\"section\"><div class=\"layoutArea\"><div class=\"column\">Le Site peut contenir des liens hypertexte donnant acce\u0300s a\u0300 d&rsquo;autres sites web e\u0301dite\u0301s et ge\u0301re\u0301s par des tiers et non par l&rsquo;Editeur. L&rsquo;Editeur ne pourra e\u0302tre tenu responsable directement ou indirectement dans le cas ou\u0300 lesdits sites tiers ne respecteraient pas les dispositions le\u0301gales.<\/div><\/div><\/div><\/div>\t\t\t\t\t\t\t\t<\/div>\n\t\t\t\t<\/div>\n\t\t\t\t\t<\/div>\n\t\t<\/div>\n\t\t\t\t\t<\/div>\n\t\t<\/section>\n\t\t\t\t<\/div>","protected":false},"excerpt":{"rendered":"<p>Mentions l\u00e9gales E\u0301dition du site Internet Le site Th\u00e9o de La Taille (ci-apre\u0300s \u00ab le Site \u00bb), accessible a\u0300 l\u2019adresse https:\/\/theodelataille.fr est e\u0301dite\u0301 par Th\u00e9o de La Taille (ci-apre\u0300s \u00ab l&rsquo;Editeur \u00bb). (, contact@theodelataille.fr) H\u00e9bergeur du site Internet Le Site est he\u0301berge\u0301 par o2switch, EURL au capital de 100 000 euros, dont le sie\u0300ge social &#8230; <a title=\"Mentions l\u00e9gales\" class=\"read-more\" href=\"https:\/\/theodelataille.fr\/en\/mentions-legales\/\" aria-label=\"Read more about Mentions l\u00e9gales\">Read more<\/a><\/p>","protected":false},"author":1,"featured_media":0,"parent":0,"menu_order":0,"comment_status":"closed","ping_status":"closed","template":"elementor_header_footer","meta":{"_monsterinsights_skip_tracking":false,"_monsterinsights_sitenote_active":false,"_monsterinsights_sitenote_note":"","_monsterinsights_sitenote_category":0,"footnotes":""},"class_list":["post-362","page","type-page","status-publish"],"yoast_head":"<!-- This site is optimized with the Yoast SEO plugin v27.0 - https:\/\/yoast.com\/product\/yoast-seo-wordpress\/ -->\n<title>Mentions l\u00e9gales - Th\u00e9o de La Taille<\/title>\n<meta name=\"robots\" content=\"index, follow, max-snippet:-1, max-image-preview:large, max-video-preview:-1\" \/>\n<link rel=\"canonical\" href=\"https:\/\/theodelataille.fr\/en\/mentions-legales\/\" \/>\n<meta property=\"og:locale\" content=\"en_US\" \/>\n<meta property=\"og:type\" content=\"article\" \/>\n<meta property=\"og:title\" content=\"Mentions l\u00e9gales - Th\u00e9o de La Taille\" \/>\n<meta property=\"og:description\" content=\"Mentions l\u00e9gales E\u0301dition du site Internet Le site Th\u00e9o de La Taille (ci-apre\u0300s \u00ab le Site \u00bb), accessible a\u0300 l\u2019adresse https:\/\/theodelataille.fr est e\u0301dite\u0301 par Th\u00e9o de La Taille (ci-apre\u0300s \u00ab l&rsquo;Editeur \u00bb). (, contact@theodelataille.fr) H\u00e9bergeur du site Internet Le Site est he\u0301berge\u0301 par o2switch, EURL au capital de 100 000 euros, dont le sie\u0300ge social ... Read more\" \/>\n<meta property=\"og:url\" content=\"https:\/\/theodelataille.fr\/en\/mentions-legales\/\" \/>\n<meta property=\"og:site_name\" content=\"Th\u00e9o de La Taille\" \/>\n<meta property=\"article:modified_time\" content=\"2023-01-28T17:49:52+00:00\" \/>\n<meta name=\"twitter:card\" content=\"summary_large_image\" \/>\n<meta name=\"twitter:label1\" content=\"Est. reading time\" \/>\n\t<meta name=\"twitter:data1\" content=\"2 minutes\" \/>\n<script type=\"application\/ld+json\" class=\"yoast-schema-graph\">{\"@context\":\"https:\/\/schema.org\",\"@graph\":[{\"@type\":\"WebPage\",\"@id\":\"https:\/\/theodelataille.fr\/mentions-legales\/\",\"url\":\"https:\/\/theodelataille.fr\/mentions-legales\/\",\"name\":\"Mentions l\u00e9gales - Th\u00e9o de La Taille\",\"isPartOf\":{\"@id\":\"https:\/\/theodelataille.fr\/#website\"},\"datePublished\":\"2021-09-29T07:44:32+00:00\",\"dateModified\":\"2023-01-28T17:49:52+00:00\",\"breadcrumb\":{\"@id\":\"https:\/\/theodelataille.fr\/mentions-legales\/#breadcrumb\"},\"inLanguage\":\"en-AU\",\"potentialAction\":[{\"@type\":\"ReadAction\",\"target\":[\"https:\/\/theodelataille.fr\/mentions-legales\/\"]}]},{\"@type\":\"BreadcrumbList\",\"@id\":\"https:\/\/theodelataille.fr\/mentions-legales\/#breadcrumb\",\"itemListElement\":[{\"@type\":\"ListItem\",\"position\":1,\"name\":\"Accueil\",\"item\":\"https:\/\/theodelataille.fr\/\"},{\"@type\":\"ListItem\",\"position\":2,\"name\":\"Mentions l\u00e9gales\"}]},{\"@type\":\"WebSite\",\"@id\":\"https:\/\/theodelataille.fr\/#website\",\"url\":\"https:\/\/theodelataille.fr\/\",\"name\":\"Th\u00e9o de La Taille\",\"description\":\"Conception de sites vitrines et e-commerce \",\"publisher\":{\"@id\":\"https:\/\/theodelataille.fr\/#\/schema\/person\/320768c9f351aef5340f165b3cd0b802\"},\"potentialAction\":[{\"@type\":\"SearchAction\",\"target\":{\"@type\":\"EntryPoint\",\"urlTemplate\":\"https:\/\/theodelataille.fr\/?s={search_term_string}\"},\"query-input\":{\"@type\":\"PropertyValueSpecification\",\"valueRequired\":true,\"valueName\":\"search_term_string\"}}],\"inLanguage\":\"en-AU\"},{\"@type\":[\"Person\",\"Organization\"],\"@id\":\"https:\/\/theodelataille.fr\/#\/schema\/person\/320768c9f351aef5340f165b3cd0b802\",\"name\":\"Th\u00e9o\",\"image\":{\"@type\":\"ImageObject\",\"inLanguage\":\"en-AU\",\"@id\":\"https:\/\/theodelataille.fr\/#\/schema\/person\/image\/\",\"url\":\"https:\/\/theodelataille.fr\/wp-content\/uploads\/2021\/09\/logo-theo-2.png\",\"contentUrl\":\"https:\/\/theodelataille.fr\/wp-content\/uploads\/2021\/09\/logo-theo-2.png\",\"width\":737,\"height\":104,\"caption\":\"Th\u00e9o\"},\"logo\":{\"@id\":\"https:\/\/theodelataille.fr\/#\/schema\/person\/image\/\"},\"sameAs\":[\"https:\/\/theodelataille.fr\"]}]}<\/script>\n<!-- \/ Yoast SEO plugin. -->","yoast_head_json":{"title":"Mentions l\u00e9gales - Th\u00e9o de La Taille","robots":{"index":"index","follow":"follow","max-snippet":"max-snippet:-1","max-image-preview":"max-image-preview:large","max-video-preview":"max-video-preview:-1"},"canonical":"https:\/\/theodelataille.fr\/en\/mentions-legales\/","og_locale":"en_US","og_type":"article","og_title":"Mentions l\u00e9gales - Th\u00e9o de La Taille","og_description":"Mentions l\u00e9gales E\u0301dition du site Internet Le site Th\u00e9o de La Taille (ci-apre\u0300s \u00ab le Site \u00bb), accessible a\u0300 l\u2019adresse https:\/\/theodelataille.fr est e\u0301dite\u0301 par Th\u00e9o de La Taille (ci-apre\u0300s \u00ab l&rsquo;Editeur \u00bb). (, contact@theodelataille.fr) H\u00e9bergeur du site Internet Le Site est he\u0301berge\u0301 par o2switch, EURL au capital de 100 000 euros, dont le sie\u0300ge social ... Read more","og_url":"https:\/\/theodelataille.fr\/en\/mentions-legales\/","og_site_name":"Th\u00e9o de La Taille","article_modified_time":"2023-01-28T17:49:52+00:00","twitter_card":"summary_large_image","twitter_misc":{"Est. reading time":"2 minutes"},"schema":{"@context":"https:\/\/schema.org","@graph":[{"@type":"WebPage","@id":"https:\/\/theodelataille.fr\/mentions-legales\/","url":"https:\/\/theodelataille.fr\/mentions-legales\/","name":"Mentions l\u00e9gales - Th\u00e9o de La Taille","isPartOf":{"@id":"https:\/\/theodelataille.fr\/#website"},"datePublished":"2021-09-29T07:44:32+00:00","dateModified":"2023-01-28T17:49:52+00:00","breadcrumb":{"@id":"https:\/\/theodelataille.fr\/mentions-legales\/#breadcrumb"},"inLanguage":"en-AU","potentialAction":[{"@type":"ReadAction","target":["https:\/\/theodelataille.fr\/mentions-legales\/"]}]},{"@type":"BreadcrumbList","@id":"https:\/\/theodelataille.fr\/mentions-legales\/#breadcrumb","itemListElement":[{"@type":"ListItem","position":1,"name":"Accueil","item":"https:\/\/theodelataille.fr\/"},{"@type":"ListItem","position":2,"name":"Mentions l\u00e9gales"}]},{"@type":"WebSite","@id":"https:\/\/theodelataille.fr\/#website","url":"https:\/\/theodelataille.fr\/","name":"Th\u00e9o de La Taille","description":"Conception of showcase and e-commerce websites","publisher":{"@id":"https:\/\/theodelataille.fr\/#\/schema\/person\/320768c9f351aef5340f165b3cd0b802"},"potentialAction":[{"@type":"SearchAction","target":{"@type":"EntryPoint","urlTemplate":"https:\/\/theodelataille.fr\/?s={search_term_string}"},"query-input":{"@type":"PropertyValueSpecification","valueRequired":true,"valueName":"search_term_string"}}],"inLanguage":"en-AU"},{"@type":["Person","Organization"],"@id":"https:\/\/theodelataille.fr\/#\/schema\/person\/320768c9f351aef5340f165b3cd0b802","name":"Th\u00e9o","image":{"@type":"ImageObject","inLanguage":"en-AU","@id":"https:\/\/theodelataille.fr\/#\/schema\/person\/image\/","url":"https:\/\/theodelataille.fr\/wp-content\/uploads\/2021\/09\/logo-theo-2.png","contentUrl":"https:\/\/theodelataille.fr\/wp-content\/uploads\/2021\/09\/logo-theo-2.png","width":737,"height":104,"caption":"Th\u00e9o"},"logo":{"@id":"https:\/\/theodelataille.fr\/#\/schema\/person\/image\/"},"sameAs":["https:\/\/theodelataille.fr"]}]}},"_links":{"self":[{"href":"https:\/\/theodelataille.fr\/en\/wp-json\/wp\/v2\/pages\/362","targetHints":{"allow":["GET"]}}],"collection":[{"href":"https:\/\/theodelataille.fr\/en\/wp-json\/wp\/v2\/pages"}],"about":[{"href":"https:\/\/theodelataille.fr\/en\/wp-json\/wp\/v2\/types\/page"}],"author":[{"embeddable":true,"href":"https:\/\/theodelataille.fr\/en\/wp-json\/wp\/v2\/users\/1"}],"replies":[{"embeddable":true,"href":"https:\/\/theodelataille.fr\/en\/wp-json\/wp\/v2\/comments?post=362"}],"version-history":[{"count":61,"href":"https:\/\/theodelataille.fr\/en\/wp-json\/wp\/v2\/pages\/362\/revisions"}],"predecessor-version":[{"id":878,"href":"https:\/\/theodelataille.fr\/en\/wp-json\/wp\/v2\/pages\/362\/revisions\/878"}],"wp:attachment":[{"href":"https:\/\/theodelataille.fr\/en\/wp-json\/wp\/v2\/media?parent=362"}],"curies":[{"name":"wp","href":"https:\/\/api.w.org\/{rel}","templated":true}]}}